{"id":88,"date":"2024-10-18T08:52:20","date_gmt":"2024-10-18T08:52:20","guid":{"rendered":"https:\/\/catedraeniaupvds.webs.upv.es\/?page_id=88"},"modified":"2024-10-18T10:41:11","modified_gmt":"2024-10-18T10:41:11","slug":"noticias","status":"publish","type":"page","link":"https:\/\/catedraeniaupvds.webs.upv.es\/index.php\/noticias\/","title":{"rendered":"Noticias"},"content":{"rendered":"\t\t<div data-elementor-type=\"wp-page\" data-elementor-id=\"88\" class=\"elementor elementor-88\">\n\t\t\t\t<div class=\"elementor-element elementor-element-b95bf9c e-flex e-con-boxed e-con e-parent\" data-id=\"b95bf9c\" data-element_type=\"container\">\n\t\t\t\t\t<div class=\"e-con-inner\">\n\t\t\t\t<div class=\"elementor-element elementor-element-01b382b elementor-widget elementor-widget-heading\" data-id=\"01b382b\" data-element_type=\"widget\" data-widget_type=\"heading.default\">\n\t\t\t\t<div class=\"elementor-widget-container\">\n\t\t\t\t\t<h2 class=\"elementor-heading-title elementor-size-default\">Noticias<\/h2>\t\t\t\t<\/div>\n\t\t\t\t<\/div>\n\t\t\t\t\t<\/div>\n\t\t\t\t<\/div>\n\t\t<div class=\"elementor-element elementor-element-73e9000 e-flex e-con-boxed e-con e-parent\" data-id=\"73e9000\" data-element_type=\"container\">\n\t\t\t\t\t<div class=\"e-con-inner\">\n\t\t\t\t<div class=\"elementor-element elementor-element-78d06a8 elementor-widget elementor-widget-heading\" data-id=\"78d06a8\" data-element_type=\"widget\" data-widget_type=\"heading.default\">\n\t\t\t\t<div class=\"elementor-widget-container\">\n\t\t\t\t\t<h6 class=\"elementor-heading-title elementor-size-default\">Sigue todas las novedades sobre nuestros avances, investigaciones, colaboraciones y eventos relacionados con la IA y el desarrollo sostenible.<\/h6>\t\t\t\t<\/div>\n\t\t\t\t<\/div>\n\t\t\t\t\t<\/div>\n\t\t\t\t<\/div>\n\t\t<div class=\"elementor-element elementor-element-d239b30 e-flex e-con-boxed e-con e-parent\" data-id=\"d239b30\" data-element_type=\"container\">\n\t\t\t\t\t<div class=\"e-con-inner\">\n\t\t\t\t<div class=\"elementor-element elementor-element-76e5a2a section-title-style-style1 title_position_default title_hover_border_default title-default img_hover_animation_default readmore-btn-default-style grid-hover-overlay-type-always tpg-el-box-border-enable tpg-border-bottom-disable elementor-widget elementor-widget-tpg-grid-layout\" data-id=\"76e5a2a\" data-element_type=\"widget\" data-widget_type=\"tpg-grid-layout.default\">\n\t\t\t\t<div class=\"elementor-widget-container\">\n\t\t\t\t\t\t\t<div class=\"rt-container-fluid rt-tpg-container tpg-el-main-wrapper clearfix grid-layout1-main \"\n\t\t\t id=\"rt-tpg-container-2535785253\"\n\t\t\t data-layout=\"grid-layout1\"\n\t\t\t data-grid-style=\"tpg-full-height\"\n\t\t\t data-sc-id=\"elementor\"\n\t\t\t data-el-settings=''\n\t\t\t data-el-query=''\n\t\t\t data-el-path=''\n\t\t>\n\n\t\t\t\t\t\t<div class='tpg-header-wrapper '>\n\t\t\t\t\n        <div class=\"tpg-widget-heading-wrapper rt-clear heading-style1 \">\n            <span class=\"tpg-widget-heading-line line-left\"><\/span>\n\t\t\t<h2 class='tpg-widget-heading'>\n\t\t\t\n\t\t\t\t                    <span>\n\t\t\t\t\t\tNoticias y eventos\t\t\t\t\t<\/span>\n\t\t\t\t\t\n\t\t\t\t\t\t\t<\/h2>            <span class=\"tpg-widget-heading-line line-right\"><\/span>\n\n\t\t\t\n        <\/div>\n\n\t\t\n\t\t\t\t\t<\/div>\n\n\t\t\t<div data-title=\"Loading ...\" class=\"rt-row rt-content-loader grid-layout1 grid-behaviour tpg-full-height grid_layout_wrapper\">\n\t\t\t\t<div class=\"rt-col-md-4 rt-col-sm-6 rt-col-xs-12 default rt-grid-item post-848 post type-post status-publish format-standard has-post-thumbnail hentry category-noticias tag-futuro-sostenible tag-ia tag-inteligenciaartificial tag-nunsys-group tag-posidonia-oceanica tag-sostenibilidad-catedra-enia-upv\"\t\tdata-id=\"848\">\n\t<div class=\"rt-holder tpg-post-holder\">\n\t\t<div class=\"rt-detail rt-el-content-wrapper\">\n\t\t\t\t\t\t\t<div class=\"rt-img-holder tpg-el-image-wrap has-thumbnail\">\n\t\t\t\t\t<a data-id=\"848\" href=\"https:\/\/catedraeniaupvds.webs.upv.es\/index.php\/2026\/04\/15\/una-herramienta-de-ia-premiada-por-la-catedra-enia-upv-mide-y-protege-la-posidonia-oceanica-en-las-costas-mediterraneas\/\" class=\"tpg-post-link\" target=\"_self\">                        <img fetchpriority=\"high\" decoding=\"async\" src=\"https:\/\/catedraeniaupvds.webs.upv.es\/wp-content\/uploads\/2026\/04\/playa-Blay-Beach-de-Les-Marines-en-Denia-Alicante-3-768x432.jpeg\"\n                             class=\"rt-img-responsive\"\n                             width=\"768\"\n                             height=\"432\"\n                             alt=\"Una herramienta de IA premiada por la C\u00e1tedra ENIA-UPV mide y protege la Posidonia oceanica en las costas mediterr\u00e1neas\">\n\t\t\t\t\t\t\n\t\t\t\t\t\t\t\n\t\t<\/a>\n\t\t        <div class=\"overlay grid-hover-content\"><\/div>\n\t\t\t\t\t\t<\/div>\n\t\t\t\n\t\t\t<div class=\"entry-title-wrapper\"><h3 class=\"entry-title\"><a data-id=\"848\" href=\"https:\/\/catedraeniaupvds.webs.upv.es\/index.php\/2026\/04\/15\/una-herramienta-de-ia-premiada-por-la-catedra-enia-upv-mide-y-protege-la-posidonia-oceanica-en-las-costas-mediterraneas\/\" class=\"tpg-post-link\" target=\"_self\">Una herramienta de IA premiada por la C\u00e1tedra ENIA-UPV mide y protege la Posidonia oceanica en las costas mediterr\u00e1neas<\/a><\/h3><\/div>\n\t\t\t\n\n\t\t\t\t\t\t\t<div class=\"tpg-excerpt tpg-el-excerpt\">\n\t\t\t\t\t\t\t\t\t\t\t<div class=\"tpg-excerpt-inner\">\n\t\t\t\t\t\t\tLa herramienta, que alcanza una precisi\u00f3n superior al 90%, incorpora la aplicaci\u00f3n de redes neuronales artificiales y permite su aplicabilidad...\t\t\t\t\t\t<\/div>\n\t\t\t\t\t\t\t\t\t\t\t\t\t\t<\/div>\n\t\t\t\n\t\t\t        <div class=\"post-footer\">\n            <div class=\"post-footer\">\n                <div class=\"read-more\">\n\t\t\t\t\t<a data-id=\"848\" href=\"https:\/\/catedraeniaupvds.webs.upv.es\/index.php\/2026\/04\/15\/una-herramienta-de-ia-premiada-por-la-catedra-enia-upv-mide-y-protege-la-posidonia-oceanica-en-las-costas-mediterraneas\/\" class=\"tpg-post-link\" target=\"_self\">Leer m\u00e1s<\/a>                <\/div>\n            <\/div>\n        <\/div>\n\t\t\t\t<\/div>\n\t<\/div>\n<\/div>\n<div class=\"rt-col-md-4 rt-col-sm-6 rt-col-xs-12 default rt-grid-item post-839 post type-post status-publish format-standard has-post-thumbnail hentry category-uncategorized\"\t\tdata-id=\"839\">\n\t<div class=\"rt-holder tpg-post-holder\">\n\t\t<div class=\"rt-detail rt-el-content-wrapper\">\n\t\t\t\t\t\t\t<div class=\"rt-img-holder tpg-el-image-wrap has-thumbnail\">\n\t\t\t\t\t<a data-id=\"839\" href=\"https:\/\/catedraeniaupvds.webs.upv.es\/index.php\/2026\/03\/16\/aprendizaje-profundo-para-automatizar-la-clasificacion-del-uso-del-suelo\/\" class=\"tpg-post-link\" target=\"_self\">                        <img decoding=\"async\" src=\"https:\/\/catedraeniaupvds.webs.upv.es\/wp-content\/uploads\/2026\/03\/5-768x576.jpg\"\n                             class=\"rt-img-responsive\"\n                             width=\"768\"\n                             height=\"576\"\n                             alt=\"Aprendizaje profundo para automatizar la clasificaci\u00f3n del uso del suelo\">\n\t\t\t\t\t\t\n\t\t\t\t\t\t\t\n\t\t<\/a>\n\t\t        <div class=\"overlay grid-hover-content\"><\/div>\n\t\t\t\t\t\t<\/div>\n\t\t\t\n\t\t\t<div class=\"entry-title-wrapper\"><h3 class=\"entry-title\"><a data-id=\"839\" href=\"https:\/\/catedraeniaupvds.webs.upv.es\/index.php\/2026\/03\/16\/aprendizaje-profundo-para-automatizar-la-clasificacion-del-uso-del-suelo\/\" class=\"tpg-post-link\" target=\"_self\">Aprendizaje profundo para automatizar la clasificaci\u00f3n del uso del suelo<\/a><\/h3><\/div>\n\t\t\t\n\n\t\t\t\t\t\t\t<div class=\"tpg-excerpt tpg-el-excerpt\">\n\t\t\t\t\t\t\t\t\t\t\t<div class=\"tpg-excerpt-inner\">\n\t\t\t\t\t\t\tEl estudiante Lucas Descalzo recibe el premio al mejor TFG de la C\u00e1tedra ENIA- UPV por su trabajo \u201cM\u00e9todos de...\t\t\t\t\t\t<\/div>\n\t\t\t\t\t\t\t\t\t\t\t\t\t\t<\/div>\n\t\t\t\n\t\t\t        <div class=\"post-footer\">\n            <div class=\"post-footer\">\n                <div class=\"read-more\">\n\t\t\t\t\t<a data-id=\"839\" href=\"https:\/\/catedraeniaupvds.webs.upv.es\/index.php\/2026\/03\/16\/aprendizaje-profundo-para-automatizar-la-clasificacion-del-uso-del-suelo\/\" class=\"tpg-post-link\" target=\"_self\">Leer m\u00e1s<\/a>                <\/div>\n            <\/div>\n        <\/div>\n\t\t\t\t<\/div>\n\t<\/div>\n<\/div>\n<div class=\"rt-col-md-4 rt-col-sm-6 rt-col-xs-12 default rt-grid-item post-833 post type-post status-publish format-standard has-post-thumbnail hentry category-uncategorized\"\t\tdata-id=\"833\">\n\t<div class=\"rt-holder tpg-post-holder\">\n\t\t<div class=\"rt-detail rt-el-content-wrapper\">\n\t\t\t\t\t\t\t<div class=\"rt-img-holder tpg-el-image-wrap has-thumbnail\">\n\t\t\t\t\t<a data-id=\"833\" href=\"https:\/\/catedraeniaupvds.webs.upv.es\/index.php\/2026\/02\/19\/inteligencia-artificial-para-clasificar-el-uso-del-suelo-y-regenerar-la-posidonia-oceanica-en-la-costa-de-alicante-mejores-tfg-y-tfm-de-la-catedra-enia-upv\/\" class=\"tpg-post-link\" target=\"_self\">                        <img decoding=\"async\" src=\"https:\/\/catedraeniaupvds.webs.upv.es\/wp-content\/uploads\/2026\/02\/1-768x576.jpg\"\n                             class=\"rt-img-responsive\"\n                             width=\"768\"\n                             height=\"576\"\n                             alt=\"Inteligencia artificial para clasificar el uso del suelo y regenerar la posidonia oce\u00e1nica en la costa de Alicante, mejores TFG y TFM de la C\u00e1tedra ENIA-UPV\">\n\t\t\t\t\t\t\n\t\t\t\t\t\t\t\n\t\t<\/a>\n\t\t        <div class=\"overlay grid-hover-content\"><\/div>\n\t\t\t\t\t\t<\/div>\n\t\t\t\n\t\t\t<div class=\"entry-title-wrapper\"><h3 class=\"entry-title\"><a data-id=\"833\" href=\"https:\/\/catedraeniaupvds.webs.upv.es\/index.php\/2026\/02\/19\/inteligencia-artificial-para-clasificar-el-uso-del-suelo-y-regenerar-la-posidonia-oceanica-en-la-costa-de-alicante-mejores-tfg-y-tfm-de-la-catedra-enia-upv\/\" class=\"tpg-post-link\" target=\"_self\">Inteligencia artificial para clasificar el uso del suelo y regenerar la posidonia oce\u00e1nica en la costa de Alicante, mejores TFG y TFM de la C\u00e1tedra ENIA-UPV<\/a><\/h3><\/div>\n\t\t\t\n\n\t\t\t\t\t\t\t<div class=\"tpg-excerpt tpg-el-excerpt\">\n\t\t\t\t\t\t\t\t\t\t\t<div class=\"tpg-excerpt-inner\">\n\t\t\t\t\t\t\tLa entrega de premios se ha llevado a cabo en la jornada \u201cIA y sostenibilidad; un viaje de talento, ciencia...\t\t\t\t\t\t<\/div>\n\t\t\t\t\t\t\t\t\t\t\t\t\t\t<\/div>\n\t\t\t\n\t\t\t        <div class=\"post-footer\">\n            <div class=\"post-footer\">\n                <div class=\"read-more\">\n\t\t\t\t\t<a data-id=\"833\" href=\"https:\/\/catedraeniaupvds.webs.upv.es\/index.php\/2026\/02\/19\/inteligencia-artificial-para-clasificar-el-uso-del-suelo-y-regenerar-la-posidonia-oceanica-en-la-costa-de-alicante-mejores-tfg-y-tfm-de-la-catedra-enia-upv\/\" class=\"tpg-post-link\" target=\"_self\">Leer m\u00e1s<\/a>                <\/div>\n            <\/div>\n        <\/div>\n\t\t\t\t<\/div>\n\t<\/div>\n<\/div>\n<div class=\"rt-col-md-4 rt-col-sm-6 rt-col-xs-12 default rt-grid-item post-813 post type-post status-publish format-standard has-post-thumbnail hentry category-noticias tag-catedra-enia-upv tag-futuro-sostenible tag-ia tag-smart-cities tag-sostenibilidad\"\t\tdata-id=\"813\">\n\t<div class=\"rt-holder tpg-post-holder\">\n\t\t<div class=\"rt-detail rt-el-content-wrapper\">\n\t\t\t\t\t\t\t<div class=\"rt-img-holder tpg-el-image-wrap has-thumbnail\">\n\t\t\t\t\t<a data-id=\"813\" href=\"https:\/\/catedraeniaupvds.webs.upv.es\/index.php\/2026\/01\/27\/la-catedra-enia-upv-abordara-el-papel-estrategico-de-la-inteligencia-artificial-para-el-avance-de-ciudades-sostenibles-en-una-jornada\/\" class=\"tpg-post-link\" target=\"_self\">                        <img loading=\"lazy\" decoding=\"async\" src=\"https:\/\/catedraeniaupvds.webs.upv.es\/wp-content\/uploads\/2026\/01\/Jornada-IA-19-febrero-768x432.png\"\n                             class=\"rt-img-responsive\"\n                             width=\"768\"\n                             height=\"432\"\n                             alt=\"La C\u00e1tedra ENIA-UPV abordar\u00e1 el papel estrat\u00e9gico de la inteligencia artificial para el avance de ciudades sostenibles \u00a0en una jornada\">\n\t\t\t\t\t\t\n\t\t\t\t\t\t\t\n\t\t<\/a>\n\t\t        <div class=\"overlay grid-hover-content\"><\/div>\n\t\t\t\t\t\t<\/div>\n\t\t\t\n\t\t\t<div class=\"entry-title-wrapper\"><h3 class=\"entry-title\"><a data-id=\"813\" href=\"https:\/\/catedraeniaupvds.webs.upv.es\/index.php\/2026\/01\/27\/la-catedra-enia-upv-abordara-el-papel-estrategico-de-la-inteligencia-artificial-para-el-avance-de-ciudades-sostenibles-en-una-jornada\/\" class=\"tpg-post-link\" target=\"_self\">La C\u00e1tedra ENIA-UPV abordar\u00e1 el papel estrat\u00e9gico de la inteligencia artificial para el avance de ciudades sostenibles \u00a0en una jornada<\/a><\/h3><\/div>\n\t\t\t\n\n\t\t\t\t\t\t\t<div class=\"tpg-excerpt tpg-el-excerpt\">\n\t\t\t\t\t\t\t\t\t\t\t<div class=\"tpg-excerpt-inner\">\n\t\t\t\t\t\t\tLa jornada, que se celebrar\u00e1 el 19 de febrero en el sal\u00f3n de actos de la ETSINF de la UPV...\t\t\t\t\t\t<\/div>\n\t\t\t\t\t\t\t\t\t\t\t\t\t\t<\/div>\n\t\t\t\n\t\t\t        <div class=\"post-footer\">\n            <div class=\"post-footer\">\n                <div class=\"read-more\">\n\t\t\t\t\t<a data-id=\"813\" href=\"https:\/\/catedraeniaupvds.webs.upv.es\/index.php\/2026\/01\/27\/la-catedra-enia-upv-abordara-el-papel-estrategico-de-la-inteligencia-artificial-para-el-avance-de-ciudades-sostenibles-en-una-jornada\/\" class=\"tpg-post-link\" target=\"_self\">Leer m\u00e1s<\/a>                <\/div>\n            <\/div>\n        <\/div>\n\t\t\t\t<\/div>\n\t<\/div>\n<\/div>\n<div class=\"rt-col-md-4 rt-col-sm-6 rt-col-xs-12 default rt-grid-item post-805 post type-post status-publish format-standard has-post-thumbnail hentry category-noticias tag-catedra-enia-upv tag-premios-mejor-tfg-tfm tag-smart-cities tag-sostenibilidad\"\t\tdata-id=\"805\">\n\t<div class=\"rt-holder tpg-post-holder\">\n\t\t<div class=\"rt-detail rt-el-content-wrapper\">\n\t\t\t\t\t\t\t<div class=\"rt-img-holder tpg-el-image-wrap has-thumbnail\">\n\t\t\t\t\t<a data-id=\"805\" href=\"https:\/\/catedraeniaupvds.webs.upv.es\/index.php\/2026\/01\/20\/la-catedra-enia-upv-publica-las-bases-para-los-premios-a-mejor-tfg-y-tfm-en-inteligencia-artificial-y-desarrollo-sostenible\/\" class=\"tpg-post-link\" target=\"_self\">                        <img loading=\"lazy\" decoding=\"async\" src=\"https:\/\/catedraeniaupvds.webs.upv.es\/wp-content\/uploads\/2026\/01\/Designer-768x512.png\"\n                             class=\"rt-img-responsive\"\n                             width=\"768\"\n                             height=\"512\"\n                             alt=\"La C\u00e1tedra ENIA-UPV publica las bases para los premios a mejor TFG y TFM en inteligencia artificial y desarrollo sostenible\">\n\t\t\t\t\t\t\n\t\t\t\t\t\t\t\n\t\t<\/a>\n\t\t        <div class=\"overlay grid-hover-content\"><\/div>\n\t\t\t\t\t\t<\/div>\n\t\t\t\n\t\t\t<div class=\"entry-title-wrapper\"><h3 class=\"entry-title\"><a data-id=\"805\" href=\"https:\/\/catedraeniaupvds.webs.upv.es\/index.php\/2026\/01\/20\/la-catedra-enia-upv-publica-las-bases-para-los-premios-a-mejor-tfg-y-tfm-en-inteligencia-artificial-y-desarrollo-sostenible\/\" class=\"tpg-post-link\" target=\"_self\">La C\u00e1tedra ENIA-UPV publica las bases para los premios a mejor TFG y TFM en inteligencia artificial y desarrollo sostenible<\/a><\/h3><\/div>\n\t\t\t\n\n\t\t\t\t\t\t\t<div class=\"tpg-excerpt tpg-el-excerpt\">\n\t\t\t\t\t\t\t\t\t\t\t<div class=\"tpg-excerpt-inner\">\n\t\t\t\t\t\t\tEl objetivo de estos galardones es reconocer y fomentar la exclencia acad\u00e9mica, la innovaci\u00f3n y el impacto social de los...\t\t\t\t\t\t<\/div>\n\t\t\t\t\t\t\t\t\t\t\t\t\t\t<\/div>\n\t\t\t\n\t\t\t        <div class=\"post-footer\">\n            <div class=\"post-footer\">\n                <div class=\"read-more\">\n\t\t\t\t\t<a data-id=\"805\" href=\"https:\/\/catedraeniaupvds.webs.upv.es\/index.php\/2026\/01\/20\/la-catedra-enia-upv-publica-las-bases-para-los-premios-a-mejor-tfg-y-tfm-en-inteligencia-artificial-y-desarrollo-sostenible\/\" class=\"tpg-post-link\" target=\"_self\">Leer m\u00e1s<\/a>                <\/div>\n            <\/div>\n        <\/div>\n\t\t\t\t<\/div>\n\t<\/div>\n<\/div>\n<div class=\"rt-col-md-4 rt-col-sm-6 rt-col-xs-12 default rt-grid-item post-721 post type-post status-publish format-standard has-post-thumbnail hentry category-noticias tag-catedra-enia-upv tag-especial tag-futuro-sostenible tag-las-provincias tag-sostenibilidad\"\t\tdata-id=\"721\">\n\t<div class=\"rt-holder tpg-post-holder\">\n\t\t<div class=\"rt-detail rt-el-content-wrapper\">\n\t\t\t\t\t\t\t<div class=\"rt-img-holder tpg-el-image-wrap has-thumbnail\">\n\t\t\t\t\t<a data-id=\"721\" href=\"https:\/\/catedraeniaupvds.webs.upv.es\/index.php\/2025\/12\/02\/la-catedra-enia-upv-colabora-en-el-especial-de-catedras-de-la-universitat-politecnica-de-valencia-de-las-provincias\/\" class=\"tpg-post-link\" target=\"_self\">                        <img loading=\"lazy\" decoding=\"async\" src=\"https:\/\/catedraeniaupvds.webs.upv.es\/wp-content\/uploads\/2025\/12\/Composicion-768x401.png\"\n                             class=\"rt-img-responsive\"\n                             width=\"768\"\n                             height=\"401\"\n                             alt=\"La C\u00e1tedra ENIA-UPV colabora en el especial de C\u00e1tedras de la Universitat Polit\u00e8cnica de Val\u00e8ncia de Las Provincias\">\n\t\t\t\t\t\t\n\t\t\t\t\t\t\t\n\t\t<\/a>\n\t\t        <div class=\"overlay grid-hover-content\"><\/div>\n\t\t\t\t\t\t<\/div>\n\t\t\t\n\t\t\t<div class=\"entry-title-wrapper\"><h3 class=\"entry-title\"><a data-id=\"721\" href=\"https:\/\/catedraeniaupvds.webs.upv.es\/index.php\/2025\/12\/02\/la-catedra-enia-upv-colabora-en-el-especial-de-catedras-de-la-universitat-politecnica-de-valencia-de-las-provincias\/\" class=\"tpg-post-link\" target=\"_self\">La C\u00e1tedra ENIA-UPV colabora en el especial de C\u00e1tedras de la Universitat Polit\u00e8cnica de Val\u00e8ncia de Las Provincias<\/a><\/h3><\/div>\n\t\t\t\n\n\t\t\t\t\t\t\t<div class=\"tpg-excerpt tpg-el-excerpt\">\n\t\t\t\t\t\t\t\t\t\t\t<div class=\"tpg-excerpt-inner\">\n\t\t\t\t\t\t\tA lo largo de una p\u00e1gina completa, el especial relata como esta C\u00e1tedra ha convocado ya 29 pr\u00e1cticas para alumnos\/as...\t\t\t\t\t\t<\/div>\n\t\t\t\t\t\t\t\t\t\t\t\t\t\t<\/div>\n\t\t\t\n\t\t\t        <div class=\"post-footer\">\n            <div class=\"post-footer\">\n                <div class=\"read-more\">\n\t\t\t\t\t<a data-id=\"721\" href=\"https:\/\/catedraeniaupvds.webs.upv.es\/index.php\/2025\/12\/02\/la-catedra-enia-upv-colabora-en-el-especial-de-catedras-de-la-universitat-politecnica-de-valencia-de-las-provincias\/\" class=\"tpg-post-link\" target=\"_self\">Leer m\u00e1s<\/a>                <\/div>\n            <\/div>\n        <\/div>\n\t\t\t\t<\/div>\n\t<\/div>\n<\/div>\n<div class=\"rt-col-md-4 rt-col-sm-6 rt-col-xs-12 default rt-grid-item post-680 post type-post status-publish format-standard has-post-thumbnail hentry category-noticias tag-catedra-enia-upv tag-eficiencia tag-programa-de-practicas tag-sostenibilidad\"\t\tdata-id=\"680\">\n\t<div class=\"rt-holder tpg-post-holder\">\n\t\t<div class=\"rt-detail rt-el-content-wrapper\">\n\t\t\t\t\t\t\t<div class=\"rt-img-holder tpg-el-image-wrap has-thumbnail\">\n\t\t\t\t\t<a data-id=\"680\" href=\"https:\/\/catedraeniaupvds.webs.upv.es\/index.php\/2025\/10\/01\/la-catedra-enia-upv-acerca-el-empleo-y-la-ia-a-diferentes-sectores-con-nueve-practicas-para-alumnos-as\/\" class=\"tpg-post-link\" target=\"_self\">                        <img loading=\"lazy\" decoding=\"async\" src=\"https:\/\/catedraeniaupvds.webs.upv.es\/wp-content\/uploads\/2025\/10\/Invernaderos-768x512.jpg\"\n                             class=\"rt-img-responsive\"\n                             width=\"768\"\n                             height=\"512\"\n                             alt=\"La C\u00e1tedra ENIA-UPV acerca el empleo y la IA a diferentes sectores con nueve pr\u00e1cticas para alumnos\/as\">\n\t\t\t\t\t\t\n\t\t\t\t\t\t\t\n\t\t<\/a>\n\t\t        <div class=\"overlay grid-hover-content\"><\/div>\n\t\t\t\t\t\t<\/div>\n\t\t\t\n\t\t\t<div class=\"entry-title-wrapper\"><h3 class=\"entry-title\"><a data-id=\"680\" href=\"https:\/\/catedraeniaupvds.webs.upv.es\/index.php\/2025\/10\/01\/la-catedra-enia-upv-acerca-el-empleo-y-la-ia-a-diferentes-sectores-con-nueve-practicas-para-alumnos-as\/\" class=\"tpg-post-link\" target=\"_self\">La C\u00e1tedra ENIA-UPV acerca el empleo y la IA a diferentes sectores con nueve pr\u00e1cticas para alumnos\/as<\/a><\/h3><\/div>\n\t\t\t\n\n\t\t\t\t\t\t\t<div class=\"tpg-excerpt tpg-el-excerpt\">\n\t\t\t\t\t\t\t\t\t\t\t<div class=\"tpg-excerpt-inner\">\n\t\t\t\t\t\t\tEstas pr\u00e1cticas abordan sectores como la agricultura, empresarial, biotecnolog\u00eda, eficiencia energ\u00e9tica, teledetecci\u00f3n de inundaciones o invernaderos inteligentes Val\u00e8ncia, 1 de...\t\t\t\t\t\t<\/div>\n\t\t\t\t\t\t\t\t\t\t\t\t\t\t<\/div>\n\t\t\t\n\t\t\t        <div class=\"post-footer\">\n            <div class=\"post-footer\">\n                <div class=\"read-more\">\n\t\t\t\t\t<a data-id=\"680\" href=\"https:\/\/catedraeniaupvds.webs.upv.es\/index.php\/2025\/10\/01\/la-catedra-enia-upv-acerca-el-empleo-y-la-ia-a-diferentes-sectores-con-nueve-practicas-para-alumnos-as\/\" class=\"tpg-post-link\" target=\"_self\">Leer m\u00e1s<\/a>                <\/div>\n            <\/div>\n        <\/div>\n\t\t\t\t<\/div>\n\t<\/div>\n<\/div>\n<div class=\"rt-col-md-4 rt-col-sm-6 rt-col-xs-12 default rt-grid-item post-607 post type-post status-publish format-standard has-post-thumbnail hentry category-noticias tag-catedra-enia-upv tag-escuela-de-verano tag-futuro-sostenible tag-ia tag-resolucion-de-problemas tag-sostenibilidad\"\t\tdata-id=\"607\">\n\t<div class=\"rt-holder tpg-post-holder\">\n\t\t<div class=\"rt-detail rt-el-content-wrapper\">\n\t\t\t\t\t\t\t<div class=\"rt-img-holder tpg-el-image-wrap has-thumbnail\">\n\t\t\t\t\t<a data-id=\"607\" href=\"https:\/\/catedraeniaupvds.webs.upv.es\/index.php\/2025\/07\/15\/mas-de-45-alumnos-se-acercan-a-la-resolucion-de-problemas-reales-con-ia-en-la-escuela-de-verano-de-la-catedra-enia-upv\/\" class=\"tpg-post-link\" target=\"_self\">                        <img loading=\"lazy\" decoding=\"async\" src=\"https:\/\/catedraeniaupvds.webs.upv.es\/wp-content\/uploads\/2025\/07\/1-768x493.png\"\n                             class=\"rt-img-responsive\"\n                             width=\"768\"\n                             height=\"493\"\n                             alt=\"M\u00e1s de 45 alumnos se acercan a la resoluci\u00f3n de problemas reales con IA en la Escuela de Verano de la C\u00e1tedra ENIA-UPV\">\n\t\t\t\t\t\t\n\t\t\t\t\t\t\t\n\t\t<\/a>\n\t\t        <div class=\"overlay grid-hover-content\"><\/div>\n\t\t\t\t\t\t<\/div>\n\t\t\t\n\t\t\t<div class=\"entry-title-wrapper\"><h3 class=\"entry-title\"><a data-id=\"607\" href=\"https:\/\/catedraeniaupvds.webs.upv.es\/index.php\/2025\/07\/15\/mas-de-45-alumnos-se-acercan-a-la-resolucion-de-problemas-reales-con-ia-en-la-escuela-de-verano-de-la-catedra-enia-upv\/\" class=\"tpg-post-link\" target=\"_self\">M\u00e1s de 45 alumnos se acercan a la resoluci\u00f3n de problemas reales con IA en la Escuela de Verano de la C\u00e1tedra ENIA-UPV<\/a><\/h3><\/div>\n\t\t\t\n\n\t\t\t\t\t\t\t<div class=\"tpg-excerpt tpg-el-excerpt\">\n\t\t\t\t\t\t\t\t\t\t\t<div class=\"tpg-excerpt-inner\">\n\t\t\t\t\t\t\tEsta Escuela de Verano, celebrada en la UPV, ha contado con conferencias y talleres pr\u00e1cticos en varias sesiones durante los...\t\t\t\t\t\t<\/div>\n\t\t\t\t\t\t\t\t\t\t\t\t\t\t<\/div>\n\t\t\t\n\t\t\t        <div class=\"post-footer\">\n            <div class=\"post-footer\">\n                <div class=\"read-more\">\n\t\t\t\t\t<a data-id=\"607\" href=\"https:\/\/catedraeniaupvds.webs.upv.es\/index.php\/2025\/07\/15\/mas-de-45-alumnos-se-acercan-a-la-resolucion-de-problemas-reales-con-ia-en-la-escuela-de-verano-de-la-catedra-enia-upv\/\" class=\"tpg-post-link\" target=\"_self\">Leer m\u00e1s<\/a>                <\/div>\n            <\/div>\n        <\/div>\n\t\t\t\t<\/div>\n\t<\/div>\n<\/div>\n<div class=\"rt-col-md-4 rt-col-sm-6 rt-col-xs-12 default rt-grid-item post-602 post type-post status-publish format-standard has-post-thumbnail hentry category-noticias tag-catedra-enia-upv tag-inteligenciaartificial tag-smart-cities\"\t\tdata-id=\"602\">\n\t<div class=\"rt-holder tpg-post-holder\">\n\t\t<div class=\"rt-detail rt-el-content-wrapper\">\n\t\t\t\t\t\t\t<div class=\"rt-img-holder tpg-el-image-wrap has-thumbnail\">\n\t\t\t\t\t<a data-id=\"602\" href=\"https:\/\/catedraeniaupvds.webs.upv.es\/index.php\/2025\/06\/30\/un-sistema-autonomo-de-reparto-en-la-ultima-milla-con-robots-proyecto-ganador-del-smart-city-challenges-2025\/\" class=\"tpg-post-link\" target=\"_self\">                        <img loading=\"lazy\" decoding=\"async\" src=\"https:\/\/catedraeniaupvds.webs.upv.es\/wp-content\/uploads\/2025\/06\/Todos-768x576.jpg\"\n                             class=\"rt-img-responsive\"\n                             width=\"768\"\n                             height=\"576\"\n                             alt=\"Un sistema aut\u00f3nomo de reparto en la \u00faltima milla con robots, proyecto ganador del Smart City Challenges 2025\">\n\t\t\t\t\t\t\n\t\t\t\t\t\t\t\n\t\t<\/a>\n\t\t        <div class=\"overlay grid-hover-content\"><\/div>\n\t\t\t\t\t\t<\/div>\n\t\t\t\n\t\t\t<div class=\"entry-title-wrapper\"><h3 class=\"entry-title\"><a data-id=\"602\" href=\"https:\/\/catedraeniaupvds.webs.upv.es\/index.php\/2025\/06\/30\/un-sistema-autonomo-de-reparto-en-la-ultima-milla-con-robots-proyecto-ganador-del-smart-city-challenges-2025\/\" class=\"tpg-post-link\" target=\"_self\">Un sistema aut\u00f3nomo de reparto en la \u00faltima milla con robots, proyecto ganador del Smart City Challenges 2025<\/a><\/h3><\/div>\n\t\t\t\n\n\t\t\t\t\t\t\t<div class=\"tpg-excerpt tpg-el-excerpt\">\n\t\t\t\t\t\t\t\t\t\t\t<div class=\"tpg-excerpt-inner\">\n\t\t\t\t\t\t\tVal\u00e8ncia, 30 de junio de 2025. Un sistema aut\u00f3nomo de reparto en la \u00faltima milla con robots que puede llegar...\t\t\t\t\t\t<\/div>\n\t\t\t\t\t\t\t\t\t\t\t\t\t\t<\/div>\n\t\t\t\n\t\t\t        <div class=\"post-footer\">\n            <div class=\"post-footer\">\n                <div class=\"read-more\">\n\t\t\t\t\t<a data-id=\"602\" href=\"https:\/\/catedraeniaupvds.webs.upv.es\/index.php\/2025\/06\/30\/un-sistema-autonomo-de-reparto-en-la-ultima-milla-con-robots-proyecto-ganador-del-smart-city-challenges-2025\/\" class=\"tpg-post-link\" target=\"_self\">Leer m\u00e1s<\/a>                <\/div>\n            <\/div>\n        <\/div>\n\t\t\t\t<\/div>\n\t<\/div>\n<\/div>\n\t\t\t<\/div>\n\t\t\t\n\t\t<\/div>\n\t\t\t\t\t\t<\/div>\n\t\t\t\t<\/div>\n\t\t\t\t\t<\/div>\n\t\t\t\t<\/div>\n\t\t\t\t<\/div>\n\t\t","protected":false},"excerpt":{"rendered":"<p>Noticias Sigue todas las novedades sobre nuestros avances, investigaciones, colaboraciones y eventos relacionados con la IA y el desarrollo sostenible. [&hellip;]<\/p>\n","protected":false},"author":1,"featured_media":0,"parent":0,"menu_order":0,"comment_status":"closed","ping_status":"closed","template":"","meta":{"site-sidebar-layout":"no-sidebar","site-content-layout":"","ast-site-content-layout":"full-width-container","site-content-style":"default","site-sidebar-style":"default","ast-global-header-display":"","ast-banner-title-visibility":"","ast-main-header-display":"","ast-hfb-above-header-display":"","ast-hfb-below-header-display":"","ast-hfb-mobile-header-display":"","site-post-title":"disabled","ast-breadcrumbs-content":"","ast-featured-img":"disabled","footer-sml-layout":"","ast-disable-related-posts":"","theme-transparent-header-meta":"","adv-header-id-meta":"","stick-header-meta":"","header-above-stick-meta":"","header-main-stick-meta":"","header-below-stick-meta":"","astra-migrate-meta-layouts":"default","ast-page-background-enabled":"default","ast-page-background-meta":{"desktop":{"background-color":"var(--ast-global-color-4)","background-image":"","background-repeat":"repeat","background-position":"center center","background-size":"auto","background-attachment":"scroll","background-type":"","background-media":"","overlay-type":"","overlay-color":"","overlay-opacity":"","overlay-gradient":""},"tablet":{"background-color":"","background-image":"","background-repeat":"repeat","background-position":"center center","background-size":"auto","background-attachment":"scroll","background-type":"","background-media":"","overlay-type":"","overlay-color":"","overlay-opacity":"","overlay-gradient":""},"mobile":{"background-color":"","background-image":"","background-repeat":"repeat","background-position":"center center","background-size":"auto","background-attachment":"scroll","background-type":"","background-media":"","overlay-type":"","overlay-color":"","overlay-opacity":"","overlay-gradient":""}},"ast-content-background-meta":{"desktop":{"background-color":"var(--ast-global-color-5)","background-image":"","background-repeat":"repeat","background-position":"center center","background-size":"auto","background-attachment":"scroll","background-type":"","background-media":"","overlay-type":"","overlay-color":"","overlay-opacity":"","overlay-gradient":""},"tablet":{"background-color":"var(--ast-global-color-5)","background-image":"","background-repeat":"repeat","background-position":"center center","background-size":"auto","background-attachment":"scroll","background-type":"","background-media":"","overlay-type":"","overlay-color":"","overlay-opacity":"","overlay-gradient":""},"mobile":{"background-color":"var(--ast-global-color-5)","background-image":"","background-repeat":"repeat","background-position":"center center","background-size":"auto","background-attachment":"scroll","background-type":"","background-media":"","overlay-type":"","overlay-color":"","overlay-opacity":"","overlay-gradient":""}},"footnotes":""},"class_list":["post-88","page","type-page","status-publish","hentry"],"yoast_head":"<!-- This site is optimized with the Yoast SEO plugin v24.2 - https:\/\/yoast.com\/wordpress\/plugins\/seo\/ -->\n<title>Noticias - C\u00e1tedra ENIA-UPV en IA desarrollo sostenible<\/title>\n<meta name=\"robots\" content=\"index, follow, max-snippet:-1, max-image-preview:large, max-video-preview:-1\" \/>\n<link rel=\"canonical\" href=\"https:\/\/catedraeniaupvds.webs.upv.es\/index.php\/noticias\/\" \/>\n<meta property=\"og:locale\" content=\"es_ES\" \/>\n<meta property=\"og:type\" content=\"article\" \/>\n<meta property=\"og:title\" content=\"Noticias - C\u00e1tedra ENIA-UPV en IA desarrollo sostenible\" \/>\n<meta property=\"og:description\" content=\"Noticias Sigue todas las novedades sobre nuestros avances, investigaciones, colaboraciones y eventos relacionados con la IA y el desarrollo sostenible. [&hellip;]\" \/>\n<meta property=\"og:url\" content=\"https:\/\/catedraeniaupvds.webs.upv.es\/index.php\/noticias\/\" \/>\n<meta property=\"og:site_name\" content=\"C\u00e1tedra ENIA-UPV en IA desarrollo sostenible\" \/>\n<meta property=\"article:modified_time\" content=\"2024-10-18T10:41:11+00:00\" \/>\n<meta property=\"og:image\" content=\"https:\/\/catedraeniaupvds.webs.upv.es\/wp-content\/uploads\/2024\/10\/Foto-presentacion-Catedra-IA-UPV-scaled-1-768x576.jpg\" \/>\n<meta name=\"twitter:card\" content=\"summary_large_image\" \/>\n<script type=\"application\/ld+json\" class=\"yoast-schema-graph\">{\"@context\":\"https:\/\/schema.org\",\"@graph\":[{\"@type\":\"WebPage\",\"@id\":\"https:\/\/catedraeniaupvds.webs.upv.es\/index.php\/noticias\/\",\"url\":\"https:\/\/catedraeniaupvds.webs.upv.es\/index.php\/noticias\/\",\"name\":\"Noticias - C\u00e1tedra ENIA-UPV en IA desarrollo sostenible\",\"isPartOf\":{\"@id\":\"https:\/\/catedraeniaupvds.webs.upv.es\/#website\"},\"primaryImageOfPage\":{\"@id\":\"https:\/\/catedraeniaupvds.webs.upv.es\/index.php\/noticias\/#primaryimage\"},\"image\":{\"@id\":\"https:\/\/catedraeniaupvds.webs.upv.es\/index.php\/noticias\/#primaryimage\"},\"thumbnailUrl\":\"https:\/\/catedraeniaupvds.webs.upv.es\/wp-content\/uploads\/2024\/10\/Foto-presentacion-Catedra-IA-UPV-scaled-1-768x576.jpg\",\"datePublished\":\"2024-10-18T08:52:20+00:00\",\"dateModified\":\"2024-10-18T10:41:11+00:00\",\"breadcrumb\":{\"@id\":\"https:\/\/catedraeniaupvds.webs.upv.es\/index.php\/noticias\/#breadcrumb\"},\"inLanguage\":\"es\",\"potentialAction\":[{\"@type\":\"ReadAction\",\"target\":[\"https:\/\/catedraeniaupvds.webs.upv.es\/index.php\/noticias\/\"]}]},{\"@type\":\"ImageObject\",\"inLanguage\":\"es\",\"@id\":\"https:\/\/catedraeniaupvds.webs.upv.es\/index.php\/noticias\/#primaryimage\",\"url\":\"https:\/\/catedraeniaupvds.webs.upv.es\/wp-content\/uploads\/2024\/10\/Foto-presentacion-Catedra-IA-UPV-scaled-1.jpg\",\"contentUrl\":\"https:\/\/catedraeniaupvds.webs.upv.es\/wp-content\/uploads\/2024\/10\/Foto-presentacion-Catedra-IA-UPV-scaled-1.jpg\",\"width\":2560,\"height\":1920},{\"@type\":\"BreadcrumbList\",\"@id\":\"https:\/\/catedraeniaupvds.webs.upv.es\/index.php\/noticias\/#breadcrumb\",\"itemListElement\":[{\"@type\":\"ListItem\",\"position\":1,\"name\":\"Portada\",\"item\":\"https:\/\/catedraeniaupvds.webs.upv.es\/\"},{\"@type\":\"ListItem\",\"position\":2,\"name\":\"Noticias\"}]},{\"@type\":\"WebSite\",\"@id\":\"https:\/\/catedraeniaupvds.webs.upv.es\/#website\",\"url\":\"https:\/\/catedraeniaupvds.webs.upv.es\/\",\"name\":\"C\u00e1tedra ENIA-UPV en IA desarrollo sostenible\",\"description\":\"\",\"publisher\":{\"@id\":\"https:\/\/catedraeniaupvds.webs.upv.es\/#organization\"},\"potentialAction\":[{\"@type\":\"SearchAction\",\"target\":{\"@type\":\"EntryPoint\",\"urlTemplate\":\"https:\/\/catedraeniaupvds.webs.upv.es\/?s={search_term_string}\"},\"query-input\":{\"@type\":\"PropertyValueSpecification\",\"valueRequired\":true,\"valueName\":\"search_term_string\"}}],\"inLanguage\":\"es\"},{\"@type\":\"Organization\",\"@id\":\"https:\/\/catedraeniaupvds.webs.upv.es\/#organization\",\"name\":\"C\u00e1tedra ENIA-UPV en IA desarrollo sostenible\",\"url\":\"https:\/\/catedraeniaupvds.webs.upv.es\/\",\"logo\":{\"@type\":\"ImageObject\",\"inLanguage\":\"es\",\"@id\":\"https:\/\/catedraeniaupvds.webs.upv.es\/#\/schema\/logo\/image\/\",\"url\":\"https:\/\/catedraeniaupvds.webs.upv.es\/wp-content\/uploads\/2024\/11\/logo1v4.png\",\"contentUrl\":\"https:\/\/catedraeniaupvds.webs.upv.es\/wp-content\/uploads\/2024\/11\/logo1v4.png\",\"width\":1006,\"height\":457,\"caption\":\"C\u00e1tedra ENIA-UPV en IA desarrollo sostenible\"},\"image\":{\"@id\":\"https:\/\/catedraeniaupvds.webs.upv.es\/#\/schema\/logo\/image\/\"}}]}<\/script>\n<!-- \/ Yoast SEO plugin. -->","yoast_head_json":{"title":"Noticias - C\u00e1tedra ENIA-UPV en IA desarrollo sostenible","robots":{"index":"index","follow":"follow","max-snippet":"max-snippet:-1","max-image-preview":"max-image-preview:large","max-video-preview":"max-video-preview:-1"},"canonical":"https:\/\/catedraeniaupvds.webs.upv.es\/index.php\/noticias\/","og_locale":"es_ES","og_type":"article","og_title":"Noticias - C\u00e1tedra ENIA-UPV en IA desarrollo sostenible","og_description":"Noticias Sigue todas las novedades sobre nuestros avances, investigaciones, colaboraciones y eventos relacionados con la IA y el desarrollo sostenible. [&hellip;]","og_url":"https:\/\/catedraeniaupvds.webs.upv.es\/index.php\/noticias\/","og_site_name":"C\u00e1tedra ENIA-UPV en IA desarrollo sostenible","article_modified_time":"2024-10-18T10:41:11+00:00","og_image":[{"url":"https:\/\/catedraeniaupvds.webs.upv.es\/wp-content\/uploads\/2024\/10\/Foto-presentacion-Catedra-IA-UPV-scaled-1-768x576.jpg","type":"","width":"","height":""}],"twitter_card":"summary_large_image","schema":{"@context":"https:\/\/schema.org","@graph":[{"@type":"WebPage","@id":"https:\/\/catedraeniaupvds.webs.upv.es\/index.php\/noticias\/","url":"https:\/\/catedraeniaupvds.webs.upv.es\/index.php\/noticias\/","name":"Noticias - C\u00e1tedra ENIA-UPV en IA desarrollo sostenible","isPartOf":{"@id":"https:\/\/catedraeniaupvds.webs.upv.es\/#website"},"primaryImageOfPage":{"@id":"https:\/\/catedraeniaupvds.webs.upv.es\/index.php\/noticias\/#primaryimage"},"image":{"@id":"https:\/\/catedraeniaupvds.webs.upv.es\/index.php\/noticias\/#primaryimage"},"thumbnailUrl":"https:\/\/catedraeniaupvds.webs.upv.es\/wp-content\/uploads\/2024\/10\/Foto-presentacion-Catedra-IA-UPV-scaled-1-768x576.jpg","datePublished":"2024-10-18T08:52:20+00:00","dateModified":"2024-10-18T10:41:11+00:00","breadcrumb":{"@id":"https:\/\/catedraeniaupvds.webs.upv.es\/index.php\/noticias\/#breadcrumb"},"inLanguage":"es","potentialAction":[{"@type":"ReadAction","target":["https:\/\/catedraeniaupvds.webs.upv.es\/index.php\/noticias\/"]}]},{"@type":"ImageObject","inLanguage":"es","@id":"https:\/\/catedraeniaupvds.webs.upv.es\/index.php\/noticias\/#primaryimage","url":"https:\/\/catedraeniaupvds.webs.upv.es\/wp-content\/uploads\/2024\/10\/Foto-presentacion-Catedra-IA-UPV-scaled-1.jpg","contentUrl":"https:\/\/catedraeniaupvds.webs.upv.es\/wp-content\/uploads\/2024\/10\/Foto-presentacion-Catedra-IA-UPV-scaled-1.jpg","width":2560,"height":1920},{"@type":"BreadcrumbList","@id":"https:\/\/catedraeniaupvds.webs.upv.es\/index.php\/noticias\/#breadcrumb","itemListElement":[{"@type":"ListItem","position":1,"name":"Portada","item":"https:\/\/catedraeniaupvds.webs.upv.es\/"},{"@type":"ListItem","position":2,"name":"Noticias"}]},{"@type":"WebSite","@id":"https:\/\/catedraeniaupvds.webs.upv.es\/#website","url":"https:\/\/catedraeniaupvds.webs.upv.es\/","name":"C\u00e1tedra ENIA-UPV en IA desarrollo sostenible","description":"","publisher":{"@id":"https:\/\/catedraeniaupvds.webs.upv.es\/#organization"},"potentialAction":[{"@type":"SearchAction","target":{"@type":"EntryPoint","urlTemplate":"https:\/\/catedraeniaupvds.webs.upv.es\/?s={search_term_string}"},"query-input":{"@type":"PropertyValueSpecification","valueRequired":true,"valueName":"search_term_string"}}],"inLanguage":"es"},{"@type":"Organization","@id":"https:\/\/catedraeniaupvds.webs.upv.es\/#organization","name":"C\u00e1tedra ENIA-UPV en IA desarrollo sostenible","url":"https:\/\/catedraeniaupvds.webs.upv.es\/","logo":{"@type":"ImageObject","inLanguage":"es","@id":"https:\/\/catedraeniaupvds.webs.upv.es\/#\/schema\/logo\/image\/","url":"https:\/\/catedraeniaupvds.webs.upv.es\/wp-content\/uploads\/2024\/11\/logo1v4.png","contentUrl":"https:\/\/catedraeniaupvds.webs.upv.es\/wp-content\/uploads\/2024\/11\/logo1v4.png","width":1006,"height":457,"caption":"C\u00e1tedra ENIA-UPV en IA desarrollo sostenible"},"image":{"@id":"https:\/\/catedraeniaupvds.webs.upv.es\/#\/schema\/logo\/image\/"}}]}},"rttpg_featured_image_url":null,"rttpg_author":{"display_name":"admin","author_link":"https:\/\/catedraeniaupvds.webs.upv.es\/index.php\/author\/mvsimsor_5dg52yj3\/"},"rttpg_comment":0,"rttpg_category":"","rttpg_excerpt":"Noticias Sigue todas las novedades sobre nuestros avances, investigaciones, colaboraciones y eventos relacionados con la IA y el desarrollo sostenible. [&hellip;]","_links":{"self":[{"href":"https:\/\/catedraeniaupvds.webs.upv.es\/index.php\/wp-json\/wp\/v2\/pages\/88","targetHints":{"allow":["GET"]}}],"collection":[{"href":"https:\/\/catedraeniaupvds.webs.upv.es\/index.php\/wp-json\/wp\/v2\/pages"}],"about":[{"href":"https:\/\/catedraeniaupvds.webs.upv.es\/index.php\/wp-json\/wp\/v2\/types\/page"}],"author":[{"embeddable":true,"href":"https:\/\/catedraeniaupvds.webs.upv.es\/index.php\/wp-json\/wp\/v2\/users\/1"}],"replies":[{"embeddable":true,"href":"https:\/\/catedraeniaupvds.webs.upv.es\/index.php\/wp-json\/wp\/v2\/comments?post=88"}],"version-history":[{"count":10,"href":"https:\/\/catedraeniaupvds.webs.upv.es\/index.php\/wp-json\/wp\/v2\/pages\/88\/revisions"}],"predecessor-version":[{"id":165,"href":"https:\/\/catedraeniaupvds.webs.upv.es\/index.php\/wp-json\/wp\/v2\/pages\/88\/revisions\/165"}],"wp:attachment":[{"href":"https:\/\/catedraeniaupvds.webs.upv.es\/index.php\/wp-json\/wp\/v2\/media?parent=88"}],"curies":[{"name":"wp","href":"https:\/\/api.w.org\/{rel}","templated":true}]}}